{"id":19290,"date":"2019-08-06T15:07:00","date_gmt":"2019-08-06T15:07:00","guid":{"rendered":"https:\/\/berliner-seilfabrik.com\/?post_type=referenzen&#038;p=19290"},"modified":"2025-03-18T17:40:21","modified_gmt":"2025-03-18T16:40:21","slug":"barra-cadabra-in-porto-alegre","status":"publish","type":"referenzen","link":"https:\/\/berliner-seilfabrik.com\/de\/referenzen\/barra-cadabra-in-porto-alegre\/","title":{"rendered":"Barra Cadabra in Porto Alegre"},"content":{"rendered":"<section class=\"text-module bg-bg-default text-text-default dark:!bg-dark dark:!text-white\">\n  <div class=\"anchor\" id=\"acf-block-67d425b7f06f5\" ><\/div>\n  <div class=\"max-w-screen-2xl spacing-px spacing-py mx-auto\">\n          <div class=\"typo-body text-element max-w-3xl align-center mx-auto\">\n        <p>Seit M\u00e4rz 2019 erwartet die Besucher auf dem Au\u00dfengel\u00e4nde des Einkaufszentrums ein gigantischer Kletter-, Spiel- und Abenteuerspielplatz. Er gleicht einem kleinen Freizeitpark und hat den Anspruch, nicht nur den Bed\u00fcrfnissen aller Kinder unterschiedlicher Altersklassen gerecht zu werden, sondern auch f\u00fcr deren Eltern und damit f\u00fcr die ganze Familie ein attraktiver Ort zu sein.<\/p>\n      <\/div>\n      <\/div>\n<\/section>\n\n<section class=\"gallery-slider-module bg-bg-default text-text-default\">\n  <div class=\"anchor\" id=\"acf-block-67d425b7f3f02\" ><\/div>\n  <div class=\"dark:!bg-dark dark:!text-white spacing-py\">\n        <div data-loop=\"false\" data-spaces=\"20\" class=\"gallery-slider__wrap relative mx-auto max-w-screen-3xl max-lg:!px-0 spacing-px   pb-md\">\n      <div class=\"overflow-x-hidden swiper-container\">\n                  <div class=\"w-full gallery-slider swiper-wrapper\">\n                      <div class=\"gallery-slide swiper-slide transition-opacity ease-in-out duration-300\">\n              <div class=\"relative block cursor-pointer gallery-slide__image aspect-4\/3\" data-src=\"https:\/\/berliner-seilfabrik.com\/wp-content\/uploads\/2025\/02\/Berliner_CombiNation_BarraShopping_Rio_Brasilien01-960x640-1.jpg\">\n                <img loading=\"lazy\" decoding=\"async\" width=\"768\" height=\"512\" src=\"https:\/\/berliner-seilfabrik.com\/wp-content\/uploads\/2025\/02\/Berliner_CombiNation_BarraShopping_Rio_Brasilien01-960x640-1-768x512.jpg\" class=\"h-full w-full object-cover object-center rounded-3xl\" alt=\"\" srcset=\"https:\/\/berliner-seilfabrik.com\/wp-content\/uploads\/2025\/02\/Berliner_CombiNation_BarraShopping_Rio_Brasilien01-960x640-1-768x512.jpg 768w, https:\/\/berliner-seilfabrik.com\/wp-content\/uploads\/2025\/02\/Berliner_CombiNation_BarraShopping_Rio_Brasilien01-960x640-1-300x200.jpg 300w, https:\/\/berliner-seilfabrik.com\/wp-content\/uploads\/2025\/02\/Berliner_CombiNation_BarraShopping_Rio_Brasilien01-960x640-1.jpg 960w\" sizes=\"auto, (max-width: 768px) 100vw, 768px\" \/>                <div class=\"absolute top-0 left-0 w-full h-full pointer-events-none\"><\/div>\n              <\/div>   \n                            <div class=\"text-center w-full top-full mt-2 transition-opacity ease-in-out duration-300 content-container\">\n                                                  <p class=\"typo-body pointer-events-none h-max left-0\">Ein Highlight dieses Areals ist eine Art Baumhaussiedlung. \u00dcber eine Leiter geht es auf knapp zwei Meter hinauf in das erste von insgesamt drei \u201eTrii\u201c-H\u00e4uschen unserer \u201eGreenville\u201c-Reihe.<\/p>\n                              <\/div>\n                          <\/div>\n                      <div class=\"gallery-slide swiper-slide transition-opacity ease-in-out duration-300\">\n              <div class=\"relative block cursor-pointer gallery-slide__image aspect-4\/3\" data-src=\"https:\/\/berliner-seilfabrik.com\/wp-content\/uploads\/2025\/02\/Berliner_CombiNation_BarraShopping_Rio_Brasilien_Oikotie_20-960x720-1.jpg\">\n                <img loading=\"lazy\" decoding=\"async\" width=\"768\" height=\"576\" src=\"https:\/\/berliner-seilfabrik.com\/wp-content\/uploads\/2025\/02\/Berliner_CombiNation_BarraShopping_Rio_Brasilien_Oikotie_20-960x720-1-768x576.jpg\" class=\"h-full w-full object-cover object-center rounded-3xl\" alt=\"\" srcset=\"https:\/\/berliner-seilfabrik.com\/wp-content\/uploads\/2025\/02\/Berliner_CombiNation_BarraShopping_Rio_Brasilien_Oikotie_20-960x720-1-768x576.jpg 768w, https:\/\/berliner-seilfabrik.com\/wp-content\/uploads\/2025\/02\/Berliner_CombiNation_BarraShopping_Rio_Brasilien_Oikotie_20-960x720-1-300x225.jpg 300w, https:\/\/berliner-seilfabrik.com\/wp-content\/uploads\/2025\/02\/Berliner_CombiNation_BarraShopping_Rio_Brasilien_Oikotie_20-960x720-1.jpg 960w\" sizes=\"auto, (max-width: 768px) 100vw, 768px\" \/>                <div class=\"absolute top-0 left-0 w-full h-full pointer-events-none\"><\/div>\n              <\/div>   \n                            <div class=\"text-center w-full top-full mt-2 transition-opacity ease-in-out duration-300 content-container\">\n                                                  <p class=\"typo-body pointer-events-none h-max left-0\">\u00dcber einen engmaschigen Netztunnel k\u00f6nnen die Kinder h\u00f6her in das n\u00e4chste Baumhaus \u201eTrii3\u201c aufsteigen.<\/p>\n                              <\/div>\n                          <\/div>\n                      <div class=\"gallery-slide swiper-slide transition-opacity ease-in-out duration-300\">\n              <div class=\"relative block cursor-pointer gallery-slide__image aspect-4\/3\" data-src=\"https:\/\/berliner-seilfabrik.com\/wp-content\/uploads\/2025\/02\/Berliner_CombiNation_BarraShopping_Rio_Brasilien_Oikotie_Shooting_06-1-960x640-1.jpg\">\n                <img loading=\"lazy\" decoding=\"async\" width=\"768\" height=\"512\" src=\"https:\/\/berliner-seilfabrik.com\/wp-content\/uploads\/2025\/02\/Berliner_CombiNation_BarraShopping_Rio_Brasilien_Oikotie_Shooting_06-1-960x640-1-768x512.jpg\" class=\"h-full w-full object-cover object-center rounded-3xl\" alt=\"\" srcset=\"https:\/\/berliner-seilfabrik.com\/wp-content\/uploads\/2025\/02\/Berliner_CombiNation_BarraShopping_Rio_Brasilien_Oikotie_Shooting_06-1-960x640-1-768x512.jpg 768w, https:\/\/berliner-seilfabrik.com\/wp-content\/uploads\/2025\/02\/Berliner_CombiNation_BarraShopping_Rio_Brasilien_Oikotie_Shooting_06-1-960x640-1-300x200.jpg 300w, https:\/\/berliner-seilfabrik.com\/wp-content\/uploads\/2025\/02\/Berliner_CombiNation_BarraShopping_Rio_Brasilien_Oikotie_Shooting_06-1-960x640-1.jpg 960w\" sizes=\"auto, (max-width: 768px) 100vw, 768px\" \/>                <div class=\"absolute top-0 left-0 w-full h-full pointer-events-none\"><\/div>\n              <\/div>   \n                            <div class=\"text-center w-full top-full mt-2 transition-opacity ease-in-out duration-300 content-container\">\n                                                  <p class=\"typo-body pointer-events-none h-max left-0\">Herausforderungen k\u00f6nnen die kleinen Abenteurer nicht nur beim Aufstieg in die \u201eTrii\u201c-H\u00e4uschen oder beim Durchklettern der Netztunnel erfahren, sondern auch in dem direkt angrenzenden Niedrigseilgarten.<\/p>\n                              <\/div>\n                          <\/div>\n                      <div class=\"gallery-slide swiper-slide transition-opacity ease-in-out duration-300\">\n              <div class=\"relative block cursor-pointer gallery-slide__image aspect-4\/3\" data-src=\"https:\/\/berliner-seilfabrik.com\/wp-content\/uploads\/2025\/02\/Berliner_CombiNation_BarraShopping_Rio_Brasilien_Oikotie_Shooting_11-1-960x640-1.jpg\">\n                <img loading=\"lazy\" decoding=\"async\" width=\"768\" height=\"512\" src=\"https:\/\/berliner-seilfabrik.com\/wp-content\/uploads\/2025\/02\/Berliner_CombiNation_BarraShopping_Rio_Brasilien_Oikotie_Shooting_11-1-960x640-1-768x512.jpg\" class=\"h-full w-full object-cover object-center rounded-3xl\" alt=\"\" srcset=\"https:\/\/berliner-seilfabrik.com\/wp-content\/uploads\/2025\/02\/Berliner_CombiNation_BarraShopping_Rio_Brasilien_Oikotie_Shooting_11-1-960x640-1-768x512.jpg 768w, https:\/\/berliner-seilfabrik.com\/wp-content\/uploads\/2025\/02\/Berliner_CombiNation_BarraShopping_Rio_Brasilien_Oikotie_Shooting_11-1-960x640-1-300x200.jpg 300w, https:\/\/berliner-seilfabrik.com\/wp-content\/uploads\/2025\/02\/Berliner_CombiNation_BarraShopping_Rio_Brasilien_Oikotie_Shooting_11-1-960x640-1.jpg 960w\" sizes=\"auto, (max-width: 768px) 100vw, 768px\" \/>                <div class=\"absolute top-0 left-0 w-full h-full pointer-events-none\"><\/div>\n              <\/div>   \n                            <div class=\"text-center w-full top-full mt-2 transition-opacity ease-in-out duration-300 content-container\">\n                                                  <p class=\"typo-body pointer-events-none h-max left-0\">Ein weiteres Klettererlebnis der besonderen Art bietet das Raumnetzger\u00e4t \u201eJupiter\u201c. Hier k\u00f6nnen viele Kinder gleichzeitig im dreidimensionalen Raum bis zu einer H\u00f6he knapp unter f\u00fcnf Metern klettern. Die Anbauelemente Rutsche, Dschungelbr\u00fccke, Aufstiegsnetz und Strickleiter sorgen f\u00fcr zus\u00e4tzliche Attraktion.<\/p>\n                              <\/div>\n                          <\/div>\n                      <div class=\"gallery-slide swiper-slide transition-opacity ease-in-out duration-300\">\n              <div class=\"relative block cursor-pointer gallery-slide__image aspect-4\/3\" data-src=\"https:\/\/berliner-seilfabrik.com\/wp-content\/uploads\/2025\/02\/IMG_5578-960x620-1.jpg\">\n                <img loading=\"lazy\" decoding=\"async\" width=\"768\" height=\"496\" src=\"https:\/\/berliner-seilfabrik.com\/wp-content\/uploads\/2025\/02\/IMG_5578-960x620-1-768x496.jpg\" class=\"h-full w-full object-cover object-center rounded-3xl\" alt=\"\" srcset=\"https:\/\/berliner-seilfabrik.com\/wp-content\/uploads\/2025\/02\/IMG_5578-960x620-1-768x496.jpg 768w, https:\/\/berliner-seilfabrik.com\/wp-content\/uploads\/2025\/02\/IMG_5578-960x620-1-300x194.jpg 300w, https:\/\/berliner-seilfabrik.com\/wp-content\/uploads\/2025\/02\/IMG_5578-960x620-1.jpg 960w\" sizes=\"auto, (max-width: 768px) 100vw, 768px\" \/>                <div class=\"absolute top-0 left-0 w-full h-full pointer-events-none\"><\/div>\n              <\/div>   \n                            <div class=\"text-center w-full top-full mt-2 transition-opacity ease-in-out duration-300 content-container\">\n                                                  <p class=\"typo-body pointer-events-none h-max left-0\">Sowohl das Raumnetzger\u00e4t \u201eJupiter\u201c,\u2026<\/p>\n                              <\/div>\n                          <\/div>\n                      <div class=\"gallery-slide swiper-slide transition-opacity ease-in-out duration-300\">\n              <div class=\"relative block cursor-pointer gallery-slide__image aspect-4\/3\" data-src=\"https:\/\/berliner-seilfabrik.com\/wp-content\/uploads\/2025\/02\/Berliner_CombiNation_BarraShopping_Rio_Brasilien_Oikotie_Shooting_13-960x640-1.jpg\">\n                <img loading=\"lazy\" decoding=\"async\" width=\"768\" height=\"512\" src=\"https:\/\/berliner-seilfabrik.com\/wp-content\/uploads\/2025\/02\/Berliner_CombiNation_BarraShopping_Rio_Brasilien_Oikotie_Shooting_13-960x640-1-768x512.jpg\" class=\"h-full w-full object-cover object-center rounded-3xl\" alt=\"\" srcset=\"https:\/\/berliner-seilfabrik.com\/wp-content\/uploads\/2025\/02\/Berliner_CombiNation_BarraShopping_Rio_Brasilien_Oikotie_Shooting_13-960x640-1-768x512.jpg 768w, https:\/\/berliner-seilfabrik.com\/wp-content\/uploads\/2025\/02\/Berliner_CombiNation_BarraShopping_Rio_Brasilien_Oikotie_Shooting_13-960x640-1-300x200.jpg 300w, https:\/\/berliner-seilfabrik.com\/wp-content\/uploads\/2025\/02\/Berliner_CombiNation_BarraShopping_Rio_Brasilien_Oikotie_Shooting_13-960x640-1.jpg 960w\" sizes=\"auto, (max-width: 768px) 100vw, 768px\" \/>                <div class=\"absolute top-0 left-0 w-full h-full pointer-events-none\"><\/div>\n              <\/div>   \n                            <div class=\"text-center w-full top-full mt-2 transition-opacity ease-in-out duration-300 content-container\">\n                                                  <p class=\"typo-body pointer-events-none h-max left-0\">\u2026als auch \u201eDisk XL\u201c,\u2026<\/p>\n                              <\/div>\n                          <\/div>\n                      <div class=\"gallery-slide swiper-slide transition-opacity ease-in-out duration-300\">\n              <div class=\"relative block cursor-pointer gallery-slide__image aspect-4\/3\" data-src=\"https:\/\/berliner-seilfabrik.com\/wp-content\/uploads\/2025\/02\/Berliner_CombiNation_BarraShopping_Rio_Brasilien_Oikotie_17-1-960x720-1.jpg\">\n                <img loading=\"lazy\" decoding=\"async\" width=\"768\" height=\"576\" src=\"https:\/\/berliner-seilfabrik.com\/wp-content\/uploads\/2025\/02\/Berliner_CombiNation_BarraShopping_Rio_Brasilien_Oikotie_17-1-960x720-1-768x576.jpg\" class=\"h-full w-full object-cover object-center rounded-3xl\" alt=\"\" srcset=\"https:\/\/berliner-seilfabrik.com\/wp-content\/uploads\/2025\/02\/Berliner_CombiNation_BarraShopping_Rio_Brasilien_Oikotie_17-1-960x720-1-768x576.jpg 768w, https:\/\/berliner-seilfabrik.com\/wp-content\/uploads\/2025\/02\/Berliner_CombiNation_BarraShopping_Rio_Brasilien_Oikotie_17-1-960x720-1-300x225.jpg 300w, https:\/\/berliner-seilfabrik.com\/wp-content\/uploads\/2025\/02\/Berliner_CombiNation_BarraShopping_Rio_Brasilien_Oikotie_17-1-960x720-1.jpg 960w\" sizes=\"auto, (max-width: 768px) 100vw, 768px\" \/>                <div class=\"absolute top-0 left-0 w-full h-full pointer-events-none\"><\/div>\n              <\/div>   \n                            <div class=\"text-center w-full top-full mt-2 transition-opacity ease-in-out duration-300 content-container\">\n                                                  <p class=\"typo-body pointer-events-none h-max left-0\">\u2026und die neue \u201eSide-by-Side-Swing\u201c geben dem Spielbereich einen hohen inklusiven Charakter, indem sie das gemeinsame Spielen von Kindern mit unterschiedlichen F\u00e4higkeiten erm\u00f6glichen.<\/p>\n                              <\/div>\n                          <\/div>\n                      <div class=\"gallery-slide swiper-slide transition-opacity ease-in-out duration-300\">\n              <div class=\"relative block cursor-pointer gallery-slide__image aspect-4\/3\" data-src=\"https:\/\/berliner-seilfabrik.com\/wp-content\/uploads\/2025\/02\/Berliner_CombiNation_BarraShopping_Rio_Brasilien_Oikotie_Shooting_22-1-960x960-1.jpg\">\n                <img loading=\"lazy\" decoding=\"async\" width=\"768\" height=\"768\" src=\"https:\/\/berliner-seilfabrik.com\/wp-content\/uploads\/2025\/02\/Berliner_CombiNation_BarraShopping_Rio_Brasilien_Oikotie_Shooting_22-1-960x960-1-768x768.jpg\" class=\"h-full w-full object-cover object-center rounded-3xl\" alt=\"\" srcset=\"https:\/\/berliner-seilfabrik.com\/wp-content\/uploads\/2025\/02\/Berliner_CombiNation_BarraShopping_Rio_Brasilien_Oikotie_Shooting_22-1-960x960-1-768x768.jpg 768w, https:\/\/berliner-seilfabrik.com\/wp-content\/uploads\/2025\/02\/Berliner_CombiNation_BarraShopping_Rio_Brasilien_Oikotie_Shooting_22-1-960x960-1-300x300.jpg 300w, https:\/\/berliner-seilfabrik.com\/wp-content\/uploads\/2025\/02\/Berliner_CombiNation_BarraShopping_Rio_Brasilien_Oikotie_Shooting_22-1-960x960-1-150x150.jpg 150w, https:\/\/berliner-seilfabrik.com\/wp-content\/uploads\/2025\/02\/Berliner_CombiNation_BarraShopping_Rio_Brasilien_Oikotie_Shooting_22-1-960x960-1.jpg 960w\" sizes=\"auto, (max-width: 768px) 100vw, 768px\" \/>                <div class=\"absolute top-0 left-0 w-full h-full pointer-events-none\"><\/div>\n              <\/div>   \n                            <div class=\"text-center w-full top-full mt-2 transition-opacity ease-in-out duration-300 content-container\">\n                                                  <p class=\"typo-body pointer-events-none h-max left-0\">Der Auftraggeber ist zufrieden: \u201eIm Sinne unseres Anspruches von BarraShopping Sul, exklusive Kundenerlebnisse anzubieten, pr\u00e4sentieren wir jetzt ein beispielloses Konzept aus innovativen Spielger\u00e4ten f\u00fcr die ganze Familie\u201c, erkl\u00e4rt Eduardo Vitagliano, Leiter der Shopping Mall, auf der Internetseite des Konzerns Multipla.<\/p>\n                              <\/div>\n                          <\/div>\n             \n          <\/div>\n          \n                  <div class=\"swiper-pagination\"><\/div>\n              <\/div>\n      <div class=\"transition duration-300 ease-in-out swiper-button swiper-button-prev scale-75 xs:scale-100 md:hover:scale-110 select-none\">\n        <div class=\"arrow-wrap bg-turquoise px-5 py-4 rounded-lg\">\n          <svg width=\"12\" height=\"23\" viewBox=\"0 0 12 23\" fill=\"none\" xmlns=\"http:\/\/www.w3.org\/2000\/svg\">\n            <path d=\"M11 1.88306L0.999999 11.8831L11 21.8831\" stroke=\"#FDFDFE\" stroke-width=\"2\" stroke-linecap=\"round\" stroke-linejoin=\"round\"\/>\n          <\/svg>\n        <\/div>\n      <\/div>\n      <div class=\"transition duration-300 ease-in-out swiper-button swiper-button-next scale-75 xs:scale-100 md:hover:scale-110 select-none\">\n        <div class=\"arrow-wrap bg-turquoise px-5 py-4 rounded-lg\">\n          <svg width=\"12\" height=\"23\" viewBox=\"0 0 12 23\" fill=\"none\" xmlns=\"http:\/\/www.w3.org\/2000\/svg\">\n            <path d=\"M1 21.8833L11 11.8833L0.999999 1.8833\" stroke=\"#FDFDFE\" stroke-width=\"2\" stroke-linecap=\"round\" stroke-linejoin=\"round\"\/>\n          <\/svg>\n        <\/div>\n      <\/div>\n    <\/div>\n  <\/div>\n<\/section>","protected":false},"featured_media":19291,"template":"","referenzen-category":[307],"class_list":["post-19290","referenzen","type-referenzen","status-publish","has-post-thumbnail","hentry","referenzen-category-freizeitparks"],"acf":[],"yoast_head":"<!-- This site is optimized with the Yoast SEO plugin v26.8 - https:\/\/yoast.com\/product\/yoast-seo-wordpress\/ -->\n<title>Berliner Seilfabrik - Barra Cadabra in Porto Alegre<\/title>\n<meta name=\"robots\" content=\"index, follow, max-snippet:-1, max-image-preview:large, max-video-preview:-1\" \/>\n<link rel=\"canonical\" href=\"https:\/\/berliner-seilfabrik.com\/de\/referenzen\/barra-cadabra-in-porto-alegre\/\" \/>\n<meta property=\"og:locale\" content=\"de_DE\" \/>\n<meta property=\"og:type\" content=\"article\" \/>\n<meta property=\"og:title\" content=\"Berliner Seilfabrik - Barra Cadabra in Porto Alegre\" \/>\n<meta property=\"og:url\" content=\"https:\/\/berliner-seilfabrik.com\/de\/referenzen\/barra-cadabra-in-porto-alegre\/\" \/>\n<meta property=\"og:site_name\" content=\"Berliner Seilfabrik\" \/>\n<meta property=\"article:publisher\" content=\"https:\/\/www.facebook.com\/berlinerseilfabrik\/\" \/>\n<meta property=\"article:modified_time\" content=\"2025-03-18T16:40:21+00:00\" \/>\n<meta property=\"og:image\" content=\"https:\/\/berliner-seilfabrik.com\/wp-content\/uploads\/2025\/02\/Berliner_CombiNation_BarraShopping_Rio_Brasilien02-1-960x752-1.jpg\" \/>\n\t<meta property=\"og:image:width\" content=\"960\" \/>\n\t<meta property=\"og:image:height\" content=\"752\" \/>\n\t<meta property=\"og:image:type\" content=\"image\/jpeg\" \/>\n<meta name=\"twitter:card\" content=\"summary_large_image\" \/>\n<script type=\"application\/ld+json\" class=\"yoast-schema-graph\">{\"@context\":\"https:\/\/schema.org\",\"@graph\":[{\"@type\":\"WebPage\",\"@id\":\"https:\/\/berliner-seilfabrik.com\/de\/referenzen\/barra-cadabra-in-porto-alegre\/\",\"url\":\"https:\/\/berliner-seilfabrik.com\/de\/referenzen\/barra-cadabra-in-porto-alegre\/\",\"name\":\"Berliner Seilfabrik - Barra Cadabra in Porto Alegre\",\"isPartOf\":{\"@id\":\"https:\/\/berliner-seilfabrik.com\/de\/#website\"},\"primaryImageOfPage\":{\"@id\":\"https:\/\/berliner-seilfabrik.com\/de\/referenzen\/barra-cadabra-in-porto-alegre\/#primaryimage\"},\"image\":{\"@id\":\"https:\/\/berliner-seilfabrik.com\/de\/referenzen\/barra-cadabra-in-porto-alegre\/#primaryimage\"},\"thumbnailUrl\":\"https:\/\/berliner-seilfabrik.com\/wp-content\/uploads\/2025\/02\/Berliner_CombiNation_BarraShopping_Rio_Brasilien02-1-960x752-1.jpg\",\"datePublished\":\"2019-08-06T15:07:00+00:00\",\"dateModified\":\"2025-03-18T16:40:21+00:00\",\"breadcrumb\":{\"@id\":\"https:\/\/berliner-seilfabrik.com\/de\/referenzen\/barra-cadabra-in-porto-alegre\/#breadcrumb\"},\"inLanguage\":\"de\",\"potentialAction\":[{\"@type\":\"ReadAction\",\"target\":[\"https:\/\/berliner-seilfabrik.com\/de\/referenzen\/barra-cadabra-in-porto-alegre\/\"]}]},{\"@type\":\"ImageObject\",\"inLanguage\":\"de\",\"@id\":\"https:\/\/berliner-seilfabrik.com\/de\/referenzen\/barra-cadabra-in-porto-alegre\/#primaryimage\",\"url\":\"https:\/\/berliner-seilfabrik.com\/wp-content\/uploads\/2025\/02\/Berliner_CombiNation_BarraShopping_Rio_Brasilien02-1-960x752-1.jpg\",\"contentUrl\":\"https:\/\/berliner-seilfabrik.com\/wp-content\/uploads\/2025\/02\/Berliner_CombiNation_BarraShopping_Rio_Brasilien02-1-960x752-1.jpg\",\"width\":960,\"height\":752},{\"@type\":\"BreadcrumbList\",\"@id\":\"https:\/\/berliner-seilfabrik.com\/de\/referenzen\/barra-cadabra-in-porto-alegre\/#breadcrumb\",\"itemListElement\":[{\"@type\":\"ListItem\",\"position\":1,\"name\":\"Home\",\"item\":\"https:\/\/berliner-seilfabrik.com\/de\/\"},{\"@type\":\"ListItem\",\"position\":2,\"name\":\"Referenzen\",\"item\":\"https:\/\/berliner-seilfabrik.com\/de\/referenzen\/\"},{\"@type\":\"ListItem\",\"position\":3,\"name\":\"Barra Cadabra in Porto Alegre\"}]},{\"@type\":\"WebSite\",\"@id\":\"https:\/\/berliner-seilfabrik.com\/de\/#website\",\"url\":\"https:\/\/berliner-seilfabrik.com\/de\/\",\"name\":\"Die Berliner Seilfabrik\",\"description\":\"Spielger\u00e4te f\u00fcrs Leben\",\"publisher\":{\"@id\":\"https:\/\/berliner-seilfabrik.com\/de\/#organization\"},\"potentialAction\":[{\"@type\":\"SearchAction\",\"target\":{\"@type\":\"EntryPoint\",\"urlTemplate\":\"https:\/\/berliner-seilfabrik.com\/de\/?s={search_term_string}\"},\"query-input\":{\"@type\":\"PropertyValueSpecification\",\"valueRequired\":true,\"valueName\":\"search_term_string\"}}],\"inLanguage\":\"de\"},{\"@type\":\"Organization\",\"@id\":\"https:\/\/berliner-seilfabrik.com\/de\/#organization\",\"name\":\"Die Berliner Seilfabrik\",\"url\":\"https:\/\/berliner-seilfabrik.com\/de\/\",\"logo\":{\"@type\":\"ImageObject\",\"inLanguage\":\"de\",\"@id\":\"https:\/\/berliner-seilfabrik.com\/de\/#\/schema\/logo\/image\/\",\"url\":\"https:\/\/berliner-seilfabrik.com\/wp-content\/uploads\/2026\/01\/bsf_logo_de-scaled.png\",\"contentUrl\":\"https:\/\/berliner-seilfabrik.com\/wp-content\/uploads\/2026\/01\/bsf_logo_de-scaled.png\",\"width\":2560,\"height\":2560,\"caption\":\"Die Berliner Seilfabrik\"},\"image\":{\"@id\":\"https:\/\/berliner-seilfabrik.com\/de\/#\/schema\/logo\/image\/\"},\"sameAs\":[\"https:\/\/www.facebook.com\/berlinerseilfabrik\/\"]}]}<\/script>\n<!-- \/ Yoast SEO plugin. -->","yoast_head_json":{"title":"Berliner Seilfabrik - Barra Cadabra in Porto Alegre","robots":{"index":"index","follow":"follow","max-snippet":"max-snippet:-1","max-image-preview":"max-image-preview:large","max-video-preview":"max-video-preview:-1"},"canonical":"https:\/\/berliner-seilfabrik.com\/de\/referenzen\/barra-cadabra-in-porto-alegre\/","og_locale":"de_DE","og_type":"article","og_title":"Berliner Seilfabrik - Barra Cadabra in Porto Alegre","og_url":"https:\/\/berliner-seilfabrik.com\/de\/referenzen\/barra-cadabra-in-porto-alegre\/","og_site_name":"Berliner Seilfabrik","article_publisher":"https:\/\/www.facebook.com\/berlinerseilfabrik\/","article_modified_time":"2025-03-18T16:40:21+00:00","og_image":[{"width":960,"height":752,"url":"https:\/\/berliner-seilfabrik.com\/wp-content\/uploads\/2025\/02\/Berliner_CombiNation_BarraShopping_Rio_Brasilien02-1-960x752-1.jpg","type":"image\/jpeg"}],"twitter_card":"summary_large_image","schema":{"@context":"https:\/\/schema.org","@graph":[{"@type":"WebPage","@id":"https:\/\/berliner-seilfabrik.com\/de\/referenzen\/barra-cadabra-in-porto-alegre\/","url":"https:\/\/berliner-seilfabrik.com\/de\/referenzen\/barra-cadabra-in-porto-alegre\/","name":"Berliner Seilfabrik - Barra Cadabra in Porto Alegre","isPartOf":{"@id":"https:\/\/berliner-seilfabrik.com\/de\/#website"},"primaryImageOfPage":{"@id":"https:\/\/berliner-seilfabrik.com\/de\/referenzen\/barra-cadabra-in-porto-alegre\/#primaryimage"},"image":{"@id":"https:\/\/berliner-seilfabrik.com\/de\/referenzen\/barra-cadabra-in-porto-alegre\/#primaryimage"},"thumbnailUrl":"https:\/\/berliner-seilfabrik.com\/wp-content\/uploads\/2025\/02\/Berliner_CombiNation_BarraShopping_Rio_Brasilien02-1-960x752-1.jpg","datePublished":"2019-08-06T15:07:00+00:00","dateModified":"2025-03-18T16:40:21+00:00","breadcrumb":{"@id":"https:\/\/berliner-seilfabrik.com\/de\/referenzen\/barra-cadabra-in-porto-alegre\/#breadcrumb"},"inLanguage":"de","potentialAction":[{"@type":"ReadAction","target":["https:\/\/berliner-seilfabrik.com\/de\/referenzen\/barra-cadabra-in-porto-alegre\/"]}]},{"@type":"ImageObject","inLanguage":"de","@id":"https:\/\/berliner-seilfabrik.com\/de\/referenzen\/barra-cadabra-in-porto-alegre\/#primaryimage","url":"https:\/\/berliner-seilfabrik.com\/wp-content\/uploads\/2025\/02\/Berliner_CombiNation_BarraShopping_Rio_Brasilien02-1-960x752-1.jpg","contentUrl":"https:\/\/berliner-seilfabrik.com\/wp-content\/uploads\/2025\/02\/Berliner_CombiNation_BarraShopping_Rio_Brasilien02-1-960x752-1.jpg","width":960,"height":752},{"@type":"BreadcrumbList","@id":"https:\/\/berliner-seilfabrik.com\/de\/referenzen\/barra-cadabra-in-porto-alegre\/#breadcrumb","itemListElement":[{"@type":"ListItem","position":1,"name":"Home","item":"https:\/\/berliner-seilfabrik.com\/de\/"},{"@type":"ListItem","position":2,"name":"Referenzen","item":"https:\/\/berliner-seilfabrik.com\/de\/referenzen\/"},{"@type":"ListItem","position":3,"name":"Barra Cadabra in Porto Alegre"}]},{"@type":"WebSite","@id":"https:\/\/berliner-seilfabrik.com\/de\/#website","url":"https:\/\/berliner-seilfabrik.com\/de\/","name":"Die Berliner Seilfabrik","description":"Spielger\u00e4te f\u00fcrs Leben","publisher":{"@id":"https:\/\/berliner-seilfabrik.com\/de\/#organization"},"potentialAction":[{"@type":"SearchAction","target":{"@type":"EntryPoint","urlTemplate":"https:\/\/berliner-seilfabrik.com\/de\/?s={search_term_string}"},"query-input":{"@type":"PropertyValueSpecification","valueRequired":true,"valueName":"search_term_string"}}],"inLanguage":"de"},{"@type":"Organization","@id":"https:\/\/berliner-seilfabrik.com\/de\/#organization","name":"Die Berliner Seilfabrik","url":"https:\/\/berliner-seilfabrik.com\/de\/","logo":{"@type":"ImageObject","inLanguage":"de","@id":"https:\/\/berliner-seilfabrik.com\/de\/#\/schema\/logo\/image\/","url":"https:\/\/berliner-seilfabrik.com\/wp-content\/uploads\/2026\/01\/bsf_logo_de-scaled.png","contentUrl":"https:\/\/berliner-seilfabrik.com\/wp-content\/uploads\/2026\/01\/bsf_logo_de-scaled.png","width":2560,"height":2560,"caption":"Die Berliner Seilfabrik"},"image":{"@id":"https:\/\/berliner-seilfabrik.com\/de\/#\/schema\/logo\/image\/"},"sameAs":["https:\/\/www.facebook.com\/berlinerseilfabrik\/"]}]}},"_links":{"self":[{"href":"https:\/\/berliner-seilfabrik.com\/de\/wp-json\/wp\/v2\/referenzen\/19290","targetHints":{"allow":["GET"]}}],"collection":[{"href":"https:\/\/berliner-seilfabrik.com\/de\/wp-json\/wp\/v2\/referenzen"}],"about":[{"href":"https:\/\/berliner-seilfabrik.com\/de\/wp-json\/wp\/v2\/types\/referenzen"}],"version-history":[{"count":3,"href":"https:\/\/berliner-seilfabrik.com\/de\/wp-json\/wp\/v2\/referenzen\/19290\/revisions"}],"predecessor-version":[{"id":42252,"href":"https:\/\/berliner-seilfabrik.com\/de\/wp-json\/wp\/v2\/referenzen\/19290\/revisions\/42252"}],"wp:featuredmedia":[{"embeddable":true,"href":"https:\/\/berliner-seilfabrik.com\/de\/wp-json\/wp\/v2\/media\/19291"}],"wp:attachment":[{"href":"https:\/\/berliner-seilfabrik.com\/de\/wp-json\/wp\/v2\/media?parent=19290"}],"wp:term":[{"taxonomy":"referenzen-category","embeddable":true,"href":"https:\/\/berliner-seilfabrik.com\/de\/wp-json\/wp\/v2\/referenzen-category?post=19290"}],"curies":[{"name":"wp","href":"https:\/\/api.w.org\/{rel}","templated":true}]}}