{"id":18477,"date":"2019-11-01T14:21:00","date_gmt":"2019-11-01T14:21:00","guid":{"rendered":"https:\/\/berliner-seilfabrik.com\/?post_type=referenzen&#038;p=18477"},"modified":"2025-03-18T12:56:20","modified_gmt":"2025-03-18T11:56:20","slug":"varosliget","status":"publish","type":"referenzen","link":"https:\/\/berliner-seilfabrik.com\/de\/referenzen\/varosliget\/","title":{"rendered":"V\u00e1rosliget"},"content":{"rendered":"<section class=\"text-module bg-bg-default text-text-default dark:!bg-dark dark:!text-white\">\n  <div class=\"anchor\" id=\"acf-block-67d425b7f06f5\" ><\/div>\n  <div class=\"max-w-screen-2xl spacing-px spacing-py mx-auto\">\n          <div class=\"typo-body text-element max-w-3xl align-center mx-auto\">\n        <p>Dieser gigantische Abenteuerspielplatz befindet sich in V\u00e1rosliget, dem gr\u00f6\u00dften \u00f6ffentlichen Park in Budapest, der Hauptstadt Ungarns.<\/p>\n      <\/div>\n      <\/div>\n<\/section>\n\n<section class=\"gallery-slider-module bg-bg-default text-text-default\">\n  <div class=\"anchor\" id=\"acf-block-67d425b7f3f02\" ><\/div>\n  <div class=\"dark:!bg-dark dark:!text-white spacing-py\">\n        <div data-loop=\"false\" data-spaces=\"20\" class=\"gallery-slider__wrap relative mx-auto max-w-screen-3xl max-lg:!px-0 spacing-px   pb-md\">\n      <div class=\"overflow-x-hidden swiper-container\">\n                  <div class=\"w-full gallery-slider swiper-wrapper\">\n                      <div class=\"gallery-slide swiper-slide transition-opacity ease-in-out duration-300\">\n              <div class=\"relative block cursor-pointer gallery-slide__image aspect-4\/3\" data-src=\"https:\/\/berliner-seilfabrik.com\/wp-content\/uploads\/2020\/01\/Berliner_VarosLiget_02-1024x683.jpg\">\n                <img loading=\"lazy\" decoding=\"async\" width=\"768\" height=\"512\" src=\"https:\/\/berliner-seilfabrik.com\/wp-content\/uploads\/2020\/01\/Berliner_VarosLiget_02-768x512.jpg\" class=\"h-full w-full object-cover object-center rounded-3xl\" alt=\"\" srcset=\"https:\/\/berliner-seilfabrik.com\/wp-content\/uploads\/2020\/01\/Berliner_VarosLiget_02-768x512.jpg 768w, https:\/\/berliner-seilfabrik.com\/wp-content\/uploads\/2020\/01\/Berliner_VarosLiget_02-300x200.jpg 300w, https:\/\/berliner-seilfabrik.com\/wp-content\/uploads\/2020\/01\/Berliner_VarosLiget_02-1024x683.jpg 1024w, https:\/\/berliner-seilfabrik.com\/wp-content\/uploads\/2020\/01\/Berliner_VarosLiget_02-1536x1024.jpg 1536w, https:\/\/berliner-seilfabrik.com\/wp-content\/uploads\/2020\/01\/Berliner_VarosLiget_02-2048x1365.jpg 2048w, https:\/\/berliner-seilfabrik.com\/wp-content\/uploads\/2020\/01\/Berliner_VarosLiget_02-1900x1267.jpg 1900w, https:\/\/berliner-seilfabrik.com\/wp-content\/uploads\/2020\/01\/Berliner_VarosLiget_02-1240x827.jpg 1240w\" sizes=\"auto, (max-width: 768px) 100vw, 768px\" \/>                <div class=\"absolute top-0 left-0 w-full h-full pointer-events-none\"><\/div>\n              <\/div>   \n                            <div class=\"text-center w-full top-full mt-2 transition-opacity ease-in-out duration-300 content-container\">\n                                                  <p class=\"typo-body pointer-events-none h-max left-0\">Im Zentrum des Spielplatzes steht ein knapp 14 Meter hoher Hei\u00dfluftballon, in dessen Innerem sich ein gro\u00dfes Raumnetz befindet. Diese Spielskulptur soll die Besucher des Parks an fr\u00fchere Zeiten erinnern, als von hier aus regelm\u00e4\u00dfig Hei\u00dfluftballons starteten.<\/p>\n                              <\/div>\n                          <\/div>\n                      <div class=\"gallery-slide swiper-slide transition-opacity ease-in-out duration-300\">\n              <div class=\"relative block cursor-pointer gallery-slide__image aspect-4\/3\" data-src=\"https:\/\/berliner-seilfabrik.com\/wp-content\/uploads\/2020\/01\/Berliner_CustomMade_Varosliget_Budapest_27-1140x760-1-1024x683.jpg\">\n                <img loading=\"lazy\" decoding=\"async\" width=\"768\" height=\"512\" src=\"https:\/\/berliner-seilfabrik.com\/wp-content\/uploads\/2020\/01\/Berliner_CustomMade_Varosliget_Budapest_27-1140x760-1-768x512.jpg\" class=\"h-full w-full object-cover object-center rounded-3xl\" alt=\"\" srcset=\"https:\/\/berliner-seilfabrik.com\/wp-content\/uploads\/2020\/01\/Berliner_CustomMade_Varosliget_Budapest_27-1140x760-1-768x512.jpg 768w, https:\/\/berliner-seilfabrik.com\/wp-content\/uploads\/2020\/01\/Berliner_CustomMade_Varosliget_Budapest_27-1140x760-1-300x200.jpg 300w, https:\/\/berliner-seilfabrik.com\/wp-content\/uploads\/2020\/01\/Berliner_CustomMade_Varosliget_Budapest_27-1140x760-1-1024x683.jpg 1024w, https:\/\/berliner-seilfabrik.com\/wp-content\/uploads\/2020\/01\/Berliner_CustomMade_Varosliget_Budapest_27-1140x760-1.jpg 1140w\" sizes=\"auto, (max-width: 768px) 100vw, 768px\" \/>                <div class=\"absolute top-0 left-0 w-full h-full pointer-events-none\"><\/div>\n              <\/div>   \n                            <div class=\"text-center w-full top-full mt-2 transition-opacity ease-in-out duration-300 content-container\">\n                                                  <p class=\"typo-body pointer-events-none h-max left-0\">Der Aufstieg in den Mastkorb erfolgt \u00fcber Strickleitern und Kletterseile\u2026<\/p>\n                              <\/div>\n                          <\/div>\n                      <div class=\"gallery-slide swiper-slide transition-opacity ease-in-out duration-300\">\n              <div class=\"relative block cursor-pointer gallery-slide__image aspect-4\/3\" data-src=\"https:\/\/berliner-seilfabrik.com\/wp-content\/uploads\/2020\/01\/Berliner_CustomMade_Varosliget_Budapest_28-1140x760-1-1024x683.jpg\">\n                <img loading=\"lazy\" decoding=\"async\" width=\"768\" height=\"512\" src=\"https:\/\/berliner-seilfabrik.com\/wp-content\/uploads\/2020\/01\/Berliner_CustomMade_Varosliget_Budapest_28-1140x760-1-768x512.jpg\" class=\"h-full w-full object-cover object-center rounded-3xl\" alt=\"\" srcset=\"https:\/\/berliner-seilfabrik.com\/wp-content\/uploads\/2020\/01\/Berliner_CustomMade_Varosliget_Budapest_28-1140x760-1-768x512.jpg 768w, https:\/\/berliner-seilfabrik.com\/wp-content\/uploads\/2020\/01\/Berliner_CustomMade_Varosliget_Budapest_28-1140x760-1-300x200.jpg 300w, https:\/\/berliner-seilfabrik.com\/wp-content\/uploads\/2020\/01\/Berliner_CustomMade_Varosliget_Budapest_28-1140x760-1-1024x683.jpg 1024w, https:\/\/berliner-seilfabrik.com\/wp-content\/uploads\/2020\/01\/Berliner_CustomMade_Varosliget_Budapest_28-1140x760-1.jpg 1140w\" sizes=\"auto, (max-width: 768px) 100vw, 768px\" \/>                <div class=\"absolute top-0 left-0 w-full h-full pointer-events-none\"><\/div>\n              <\/div>   \n                            <div class=\"text-center w-full top-full mt-2 transition-opacity ease-in-out duration-300 content-container\">\n                                                  <p class=\"typo-body pointer-events-none h-max left-0\">\u2026 bevor es \u00fcber unterschiedlich hohe Aufstiegsplateaus in das Raumnetz geht. Neben der M\u00f6glichkeit zu klettern, k\u00f6nnen sich die Kinder hier auf Gummimembranen ausruhen und vom Fliegen tr\u00e4umen.<\/p>\n                              <\/div>\n                          <\/div>\n                      <div class=\"gallery-slide swiper-slide transition-opacity ease-in-out duration-300\">\n              <div class=\"relative block cursor-pointer gallery-slide__image aspect-4\/3\" data-src=\"https:\/\/berliner-seilfabrik.com\/wp-content\/uploads\/2020\/01\/Berliner_CustomMade_Varosliget_Budapest_29-855x1140-1-768x1024.jpg\">\n                <img loading=\"lazy\" decoding=\"async\" width=\"768\" height=\"1024\" src=\"https:\/\/berliner-seilfabrik.com\/wp-content\/uploads\/2020\/01\/Berliner_CustomMade_Varosliget_Budapest_29-855x1140-1-768x1024.jpg\" class=\"h-full w-full object-cover object-center rounded-3xl\" alt=\"\" srcset=\"https:\/\/berliner-seilfabrik.com\/wp-content\/uploads\/2020\/01\/Berliner_CustomMade_Varosliget_Budapest_29-855x1140-1-768x1024.jpg 768w, https:\/\/berliner-seilfabrik.com\/wp-content\/uploads\/2020\/01\/Berliner_CustomMade_Varosliget_Budapest_29-855x1140-1-225x300.jpg 225w, https:\/\/berliner-seilfabrik.com\/wp-content\/uploads\/2020\/01\/Berliner_CustomMade_Varosliget_Budapest_29-855x1140-1.jpg 855w\" sizes=\"auto, (max-width: 768px) 100vw, 768px\" \/>                <div class=\"absolute top-0 left-0 w-full h-full pointer-events-none\"><\/div>\n              <\/div>   \n                            <div class=\"text-center w-full top-full mt-2 transition-opacity ease-in-out duration-300 content-container\">\n                                                  <p class=\"typo-body pointer-events-none h-max left-0\">Ein weiteres Highlight sind zwei \u00fcber 11 Meter hohe Klettert\u00fcrme. Der eine ist ausgestattet mit einer spannenden R\u00f6hren-Wendelrutsche und\u2026<\/p>\n                              <\/div>\n                          <\/div>\n                      <div class=\"gallery-slide swiper-slide transition-opacity ease-in-out duration-300\">\n              <div class=\"relative block cursor-pointer gallery-slide__image aspect-4\/3\" data-src=\"https:\/\/berliner-seilfabrik.com\/wp-content\/uploads\/2025\/02\/Berliner_VarosLiget_06-960x640-1.jpg\">\n                <img loading=\"lazy\" decoding=\"async\" width=\"768\" height=\"512\" src=\"https:\/\/berliner-seilfabrik.com\/wp-content\/uploads\/2025\/02\/Berliner_VarosLiget_06-960x640-1-768x512.jpg\" class=\"h-full w-full object-cover object-center rounded-3xl\" alt=\"\" srcset=\"https:\/\/berliner-seilfabrik.com\/wp-content\/uploads\/2025\/02\/Berliner_VarosLiget_06-960x640-1-768x512.jpg 768w, https:\/\/berliner-seilfabrik.com\/wp-content\/uploads\/2025\/02\/Berliner_VarosLiget_06-960x640-1-300x200.jpg 300w, https:\/\/berliner-seilfabrik.com\/wp-content\/uploads\/2025\/02\/Berliner_VarosLiget_06-960x640-1.jpg 960w\" sizes=\"auto, (max-width: 768px) 100vw, 768px\" \/>                <div class=\"absolute top-0 left-0 w-full h-full pointer-events-none\"><\/div>\n              <\/div>   \n                            <div class=\"text-center w-full top-full mt-2 transition-opacity ease-in-out duration-300 content-container\">\n                                                  <p class=\"typo-body pointer-events-none h-max left-0\">\u2026einem herausforderndem Raumnetz.<\/p>\n                              <\/div>\n                          <\/div>\n                      <div class=\"gallery-slide swiper-slide transition-opacity ease-in-out duration-300\">\n              <div class=\"relative block cursor-pointer gallery-slide__image aspect-4\/3\" data-src=\"https:\/\/berliner-seilfabrik.com\/wp-content\/uploads\/2025\/02\/Berliner_VarosLiget_07-960x640-1.jpg\">\n                <img loading=\"lazy\" decoding=\"async\" width=\"768\" height=\"512\" src=\"https:\/\/berliner-seilfabrik.com\/wp-content\/uploads\/2025\/02\/Berliner_VarosLiget_07-960x640-1-768x512.jpg\" class=\"h-full w-full object-cover object-center rounded-3xl\" alt=\"\" srcset=\"https:\/\/berliner-seilfabrik.com\/wp-content\/uploads\/2025\/02\/Berliner_VarosLiget_07-960x640-1-768x512.jpg 768w, https:\/\/berliner-seilfabrik.com\/wp-content\/uploads\/2025\/02\/Berliner_VarosLiget_07-960x640-1-300x200.jpg 300w, https:\/\/berliner-seilfabrik.com\/wp-content\/uploads\/2025\/02\/Berliner_VarosLiget_07-960x640-1.jpg 960w\" sizes=\"auto, (max-width: 768px) 100vw, 768px\" \/>                <div class=\"absolute top-0 left-0 w-full h-full pointer-events-none\"><\/div>\n              <\/div>   \n                            <div class=\"text-center w-full top-full mt-2 transition-opacity ease-in-out duration-300 content-container\">\n                                                  <p class=\"typo-body pointer-events-none h-max left-0\">Der andere bietet den Kids einen aufregenden Aufstieg \u00fcber die schr\u00e4gen Netzteller\u2026<\/p>\n                              <\/div>\n                          <\/div>\n                      <div class=\"gallery-slide swiper-slide transition-opacity ease-in-out duration-300\">\n              <div class=\"relative block cursor-pointer gallery-slide__image aspect-4\/3\" data-src=\"https:\/\/berliner-seilfabrik.com\/wp-content\/uploads\/2020\/01\/Berliner_CustomMade_Varosliget_Budapest_32-855x1140-1-768x1024.jpg\">\n                <img loading=\"lazy\" decoding=\"async\" width=\"768\" height=\"1024\" src=\"https:\/\/berliner-seilfabrik.com\/wp-content\/uploads\/2020\/01\/Berliner_CustomMade_Varosliget_Budapest_32-855x1140-1-768x1024.jpg\" class=\"h-full w-full object-cover object-center rounded-3xl\" alt=\"\" srcset=\"https:\/\/berliner-seilfabrik.com\/wp-content\/uploads\/2020\/01\/Berliner_CustomMade_Varosliget_Budapest_32-855x1140-1-768x1024.jpg 768w, https:\/\/berliner-seilfabrik.com\/wp-content\/uploads\/2020\/01\/Berliner_CustomMade_Varosliget_Budapest_32-855x1140-1-225x300.jpg 225w, https:\/\/berliner-seilfabrik.com\/wp-content\/uploads\/2020\/01\/Berliner_CustomMade_Varosliget_Budapest_32-855x1140-1.jpg 855w\" sizes=\"auto, (max-width: 768px) 100vw, 768px\" \/>                <div class=\"absolute top-0 left-0 w-full h-full pointer-events-none\"><\/div>\n              <\/div>   \n                            <div class=\"text-center w-full top-full mt-2 transition-opacity ease-in-out duration-300 content-container\">\n                                                  <p class=\"typo-body pointer-events-none h-max left-0\">\u2026und einen rasanten Abgang durch die R\u00f6hren-Kurvenrutsche.<\/p>\n                              <\/div>\n                          <\/div>\n                      <div class=\"gallery-slide swiper-slide transition-opacity ease-in-out duration-300\">\n              <div class=\"relative block cursor-pointer gallery-slide__image aspect-4\/3\" data-src=\"https:\/\/berliner-seilfabrik.com\/wp-content\/uploads\/2020\/01\/Berliner_CustomMade_Varosliget_Budapest_1-1140x760-1-1024x683.jpg\">\n                <img loading=\"lazy\" decoding=\"async\" width=\"768\" height=\"512\" src=\"https:\/\/berliner-seilfabrik.com\/wp-content\/uploads\/2020\/01\/Berliner_CustomMade_Varosliget_Budapest_1-1140x760-1-768x512.jpg\" class=\"h-full w-full object-cover object-center rounded-3xl\" alt=\"\" srcset=\"https:\/\/berliner-seilfabrik.com\/wp-content\/uploads\/2020\/01\/Berliner_CustomMade_Varosliget_Budapest_1-1140x760-1-768x512.jpg 768w, https:\/\/berliner-seilfabrik.com\/wp-content\/uploads\/2020\/01\/Berliner_CustomMade_Varosliget_Budapest_1-1140x760-1-300x200.jpg 300w, https:\/\/berliner-seilfabrik.com\/wp-content\/uploads\/2020\/01\/Berliner_CustomMade_Varosliget_Budapest_1-1140x760-1-1024x683.jpg 1024w, https:\/\/berliner-seilfabrik.com\/wp-content\/uploads\/2020\/01\/Berliner_CustomMade_Varosliget_Budapest_1-1140x760-1.jpg 1140w\" sizes=\"auto, (max-width: 768px) 100vw, 768px\" \/>                <div class=\"absolute top-0 left-0 w-full h-full pointer-events-none\"><\/div>\n              <\/div>   \n                            <div class=\"text-center w-full top-full mt-2 transition-opacity ease-in-out duration-300 content-container\">\n                                                  <p class=\"typo-body pointer-events-none h-max left-0\">Beide sind \u00fcber Netztunnel und zahlreiche, unterschiedliche Niedrigseil-Kletterelemente miteinander verbunden.<\/p>\n                              <\/div>\n                          <\/div>\n                      <div class=\"gallery-slide swiper-slide transition-opacity ease-in-out duration-300\">\n              <div class=\"relative block cursor-pointer gallery-slide__image aspect-4\/3\" data-src=\"https:\/\/berliner-seilfabrik.com\/wp-content\/uploads\/2020\/01\/Berliner_CustomMade_Varosliget_Budapest_2-1140x760-1-1024x683.jpg\">\n                <img loading=\"lazy\" decoding=\"async\" width=\"768\" height=\"512\" src=\"https:\/\/berliner-seilfabrik.com\/wp-content\/uploads\/2020\/01\/Berliner_CustomMade_Varosliget_Budapest_2-1140x760-1-768x512.jpg\" class=\"h-full w-full object-cover object-center rounded-3xl\" alt=\"\" srcset=\"https:\/\/berliner-seilfabrik.com\/wp-content\/uploads\/2020\/01\/Berliner_CustomMade_Varosliget_Budapest_2-1140x760-1-768x512.jpg 768w, https:\/\/berliner-seilfabrik.com\/wp-content\/uploads\/2020\/01\/Berliner_CustomMade_Varosliget_Budapest_2-1140x760-1-300x200.jpg 300w, https:\/\/berliner-seilfabrik.com\/wp-content\/uploads\/2020\/01\/Berliner_CustomMade_Varosliget_Budapest_2-1140x760-1-1024x683.jpg 1024w, https:\/\/berliner-seilfabrik.com\/wp-content\/uploads\/2020\/01\/Berliner_CustomMade_Varosliget_Budapest_2-1140x760-1.jpg 1140w\" sizes=\"auto, (max-width: 768px) 100vw, 768px\" \/>                <div class=\"absolute top-0 left-0 w-full h-full pointer-events-none\"><\/div>\n              <\/div>   \n                            <div class=\"text-center w-full top-full mt-2 transition-opacity ease-in-out duration-300 content-container\">\n                                                  <p class=\"typo-body pointer-events-none h-max left-0\">Gro\u00dfe horizontale Fl\u00e4chennetze bieten einen spannenden \u00dcbergang zum n\u00e4chsten Turm.<\/p>\n                              <\/div>\n                          <\/div>\n                      <div class=\"gallery-slide swiper-slide transition-opacity ease-in-out duration-300\">\n              <div class=\"relative block cursor-pointer gallery-slide__image aspect-4\/3\" data-src=\"https:\/\/berliner-seilfabrik.com\/wp-content\/uploads\/2025\/02\/Berliner_VarosLiget_11-960x640-1.jpg\">\n                <img loading=\"lazy\" decoding=\"async\" width=\"768\" height=\"512\" src=\"https:\/\/berliner-seilfabrik.com\/wp-content\/uploads\/2025\/02\/Berliner_VarosLiget_11-960x640-1-768x512.jpg\" class=\"h-full w-full object-cover object-center rounded-3xl\" alt=\"\" srcset=\"https:\/\/berliner-seilfabrik.com\/wp-content\/uploads\/2025\/02\/Berliner_VarosLiget_11-960x640-1-768x512.jpg 768w, https:\/\/berliner-seilfabrik.com\/wp-content\/uploads\/2025\/02\/Berliner_VarosLiget_11-960x640-1-300x200.jpg 300w, https:\/\/berliner-seilfabrik.com\/wp-content\/uploads\/2025\/02\/Berliner_VarosLiget_11-960x640-1.jpg 960w\" sizes=\"auto, (max-width: 768px) 100vw, 768px\" \/>                <div class=\"absolute top-0 left-0 w-full h-full pointer-events-none\"><\/div>\n              <\/div>   \n                            <div class=\"text-center w-full top-full mt-2 transition-opacity ease-in-out duration-300 content-container\">\n                                                  <p class=\"typo-body pointer-events-none h-max left-0\">Die Netztunnel sind nicht nur \u00dcbergangsm\u00f6glichkeit zum n\u00e4chsten Kletterturm\u2026<\/p>\n                              <\/div>\n                          <\/div>\n                      <div class=\"gallery-slide swiper-slide transition-opacity ease-in-out duration-300\">\n              <div class=\"relative block cursor-pointer gallery-slide__image aspect-4\/3\" data-src=\"https:\/\/berliner-seilfabrik.com\/wp-content\/uploads\/2025\/02\/Berliner_VarosLiget_12-960x640-1.jpg\">\n                <img loading=\"lazy\" decoding=\"async\" width=\"768\" height=\"512\" src=\"https:\/\/berliner-seilfabrik.com\/wp-content\/uploads\/2025\/02\/Berliner_VarosLiget_12-960x640-1-768x512.jpg\" class=\"h-full w-full object-cover object-center rounded-3xl\" alt=\"\" srcset=\"https:\/\/berliner-seilfabrik.com\/wp-content\/uploads\/2025\/02\/Berliner_VarosLiget_12-960x640-1-768x512.jpg 768w, https:\/\/berliner-seilfabrik.com\/wp-content\/uploads\/2025\/02\/Berliner_VarosLiget_12-960x640-1-300x200.jpg 300w, https:\/\/berliner-seilfabrik.com\/wp-content\/uploads\/2025\/02\/Berliner_VarosLiget_12-960x640-1.jpg 960w\" sizes=\"auto, (max-width: 768px) 100vw, 768px\" \/>                <div class=\"absolute top-0 left-0 w-full h-full pointer-events-none\"><\/div>\n              <\/div>   \n                            <div class=\"text-center w-full top-full mt-2 transition-opacity ease-in-out duration-300 content-container\">\n                                                  <p class=\"typo-body pointer-events-none h-max left-0\">\u2026sondern bieten gleichzeitig unz\u00e4hlige M\u00f6glichkeiten f\u00fcr Spiel und Bewegung.<\/p>\n                              <\/div>\n                          <\/div>\n                      <div class=\"gallery-slide swiper-slide transition-opacity ease-in-out duration-300\">\n              <div class=\"relative block cursor-pointer gallery-slide__image aspect-4\/3\" data-src=\"https:\/\/berliner-seilfabrik.com\/wp-content\/uploads\/2020\/01\/Berliner_CustomMade_Varosliget_Budapest_5-1140x760-1-1024x683.jpg\">\n                <img loading=\"lazy\" decoding=\"async\" width=\"768\" height=\"512\" src=\"https:\/\/berliner-seilfabrik.com\/wp-content\/uploads\/2020\/01\/Berliner_CustomMade_Varosliget_Budapest_5-1140x760-1-768x512.jpg\" class=\"h-full w-full object-cover object-center rounded-3xl\" alt=\"\" srcset=\"https:\/\/berliner-seilfabrik.com\/wp-content\/uploads\/2020\/01\/Berliner_CustomMade_Varosliget_Budapest_5-1140x760-1-768x512.jpg 768w, https:\/\/berliner-seilfabrik.com\/wp-content\/uploads\/2020\/01\/Berliner_CustomMade_Varosliget_Budapest_5-1140x760-1-300x200.jpg 300w, https:\/\/berliner-seilfabrik.com\/wp-content\/uploads\/2020\/01\/Berliner_CustomMade_Varosliget_Budapest_5-1140x760-1-1024x683.jpg 1024w, https:\/\/berliner-seilfabrik.com\/wp-content\/uploads\/2020\/01\/Berliner_CustomMade_Varosliget_Budapest_5-1140x760-1.jpg 1140w\" sizes=\"auto, (max-width: 768px) 100vw, 768px\" \/>                <div class=\"absolute top-0 left-0 w-full h-full pointer-events-none\"><\/div>\n              <\/div>   \n                            <div class=\"text-center w-full top-full mt-2 transition-opacity ease-in-out duration-300 content-container\">\n                                                  <p class=\"typo-body pointer-events-none h-max left-0\">\u00dcber das Raumnetz dieses Mittelmastger\u00e4tes gelangen begabte Kletterer in das Baumhaus Boo, welches auf der Krone sitzt. Von hier aus geht es \u00fcber Netztunnel und Fl\u00e4chennetze hinab\u2026<\/p>\n                              <\/div>\n                          <\/div>\n                      <div class=\"gallery-slide swiper-slide transition-opacity ease-in-out duration-300\">\n              <div class=\"relative block cursor-pointer gallery-slide__image aspect-4\/3\" data-src=\"https:\/\/berliner-seilfabrik.com\/wp-content\/uploads\/2025\/02\/Berliner_VarosLiget_14-960x640-1.jpg\">\n                <img loading=\"lazy\" decoding=\"async\" width=\"768\" height=\"512\" src=\"https:\/\/berliner-seilfabrik.com\/wp-content\/uploads\/2025\/02\/Berliner_VarosLiget_14-960x640-1-768x512.jpg\" class=\"h-full w-full object-cover object-center rounded-3xl\" alt=\"\" srcset=\"https:\/\/berliner-seilfabrik.com\/wp-content\/uploads\/2025\/02\/Berliner_VarosLiget_14-960x640-1-768x512.jpg 768w, https:\/\/berliner-seilfabrik.com\/wp-content\/uploads\/2025\/02\/Berliner_VarosLiget_14-960x640-1-300x200.jpg 300w, https:\/\/berliner-seilfabrik.com\/wp-content\/uploads\/2025\/02\/Berliner_VarosLiget_14-960x640-1.jpg 960w\" sizes=\"auto, (max-width: 768px) 100vw, 768px\" \/>                <div class=\"absolute top-0 left-0 w-full h-full pointer-events-none\"><\/div>\n              <\/div>   \n                            <div class=\"text-center w-full top-full mt-2 transition-opacity ease-in-out duration-300 content-container\">\n                                                  <p class=\"typo-body pointer-events-none h-max left-0\">\u2026bis zum Gummiw\u00fcrfel \u2013 der perfekte Ort, um sich nach einer langen Kletterpartie auszuruhen.<\/p>\n                              <\/div>\n                          <\/div>\n                      <div class=\"gallery-slide swiper-slide transition-opacity ease-in-out duration-300\">\n              <div class=\"relative block cursor-pointer gallery-slide__image aspect-4\/3\" data-src=\"https:\/\/berliner-seilfabrik.com\/wp-content\/uploads\/2020\/01\/Berliner_CustomMade_Varosliget_Budapest_7-1140x760-1-1024x683.jpg\">\n                <img loading=\"lazy\" decoding=\"async\" width=\"768\" height=\"512\" src=\"https:\/\/berliner-seilfabrik.com\/wp-content\/uploads\/2020\/01\/Berliner_CustomMade_Varosliget_Budapest_7-1140x760-1-768x512.jpg\" class=\"h-full w-full object-cover object-center rounded-3xl\" alt=\"\" srcset=\"https:\/\/berliner-seilfabrik.com\/wp-content\/uploads\/2020\/01\/Berliner_CustomMade_Varosliget_Budapest_7-1140x760-1-768x512.jpg 768w, https:\/\/berliner-seilfabrik.com\/wp-content\/uploads\/2020\/01\/Berliner_CustomMade_Varosliget_Budapest_7-1140x760-1-300x200.jpg 300w, https:\/\/berliner-seilfabrik.com\/wp-content\/uploads\/2020\/01\/Berliner_CustomMade_Varosliget_Budapest_7-1140x760-1-1024x683.jpg 1024w, https:\/\/berliner-seilfabrik.com\/wp-content\/uploads\/2020\/01\/Berliner_CustomMade_Varosliget_Budapest_7-1140x760-1.jpg 1140w\" sizes=\"auto, (max-width: 768px) 100vw, 768px\" \/>                <div class=\"absolute top-0 left-0 w-full h-full pointer-events-none\"><\/div>\n              <\/div>   \n                            <div class=\"text-center w-full top-full mt-2 transition-opacity ease-in-out duration-300 content-container\">\n                                                  <p class=\"typo-body pointer-events-none h-max left-0\">Oder doch lieber gleich zum gemeinsamen abh\u00e4ngen in die Net Swing? Der eine ist ausgestattet mit einer spannenden R\u00f6hren-Wendelrutsche und\u2026<\/p>\n                              <\/div>\n                          <\/div>\n                      <div class=\"gallery-slide swiper-slide transition-opacity ease-in-out duration-300\">\n              <div class=\"relative block cursor-pointer gallery-slide__image aspect-4\/3\" data-src=\"https:\/\/berliner-seilfabrik.com\/wp-content\/uploads\/2020\/01\/Berliner_CustomMade_Varosliget_Budapest_8-1140x760-1-1024x683.jpg\">\n                <img loading=\"lazy\" decoding=\"async\" width=\"768\" height=\"512\" src=\"https:\/\/berliner-seilfabrik.com\/wp-content\/uploads\/2020\/01\/Berliner_CustomMade_Varosliget_Budapest_8-1140x760-1-768x512.jpg\" class=\"h-full w-full object-cover object-center rounded-3xl\" alt=\"\" srcset=\"https:\/\/berliner-seilfabrik.com\/wp-content\/uploads\/2020\/01\/Berliner_CustomMade_Varosliget_Budapest_8-1140x760-1-768x512.jpg 768w, https:\/\/berliner-seilfabrik.com\/wp-content\/uploads\/2020\/01\/Berliner_CustomMade_Varosliget_Budapest_8-1140x760-1-300x200.jpg 300w, https:\/\/berliner-seilfabrik.com\/wp-content\/uploads\/2020\/01\/Berliner_CustomMade_Varosliget_Budapest_8-1140x760-1-1024x683.jpg 1024w, https:\/\/berliner-seilfabrik.com\/wp-content\/uploads\/2020\/01\/Berliner_CustomMade_Varosliget_Budapest_8-1140x760-1.jpg 1140w\" sizes=\"auto, (max-width: 768px) 100vw, 768px\" \/>                <div class=\"absolute top-0 left-0 w-full h-full pointer-events-none\"><\/div>\n              <\/div>   \n                            <div class=\"text-center w-full top-full mt-2 transition-opacity ease-in-out duration-300 content-container\">\n                                                  <p class=\"typo-body pointer-events-none h-max left-0\">..auch die Face-to-Face Swing l\u00e4dt zum Schaukeln ein.<\/p>\n                              <\/div>\n                          <\/div>\n                      <div class=\"gallery-slide swiper-slide transition-opacity ease-in-out duration-300\">\n              <div class=\"relative block cursor-pointer gallery-slide__image aspect-4\/3\" data-src=\"https:\/\/berliner-seilfabrik.com\/wp-content\/uploads\/2025\/02\/Berliner_VarosLiget_17-960x640-1.jpg\">\n                <img loading=\"lazy\" decoding=\"async\" width=\"768\" height=\"512\" src=\"https:\/\/berliner-seilfabrik.com\/wp-content\/uploads\/2025\/02\/Berliner_VarosLiget_17-960x640-1-768x512.jpg\" class=\"h-full w-full object-cover object-center rounded-3xl\" alt=\"\" srcset=\"https:\/\/berliner-seilfabrik.com\/wp-content\/uploads\/2025\/02\/Berliner_VarosLiget_17-960x640-1-768x512.jpg 768w, https:\/\/berliner-seilfabrik.com\/wp-content\/uploads\/2025\/02\/Berliner_VarosLiget_17-960x640-1-300x200.jpg 300w, https:\/\/berliner-seilfabrik.com\/wp-content\/uploads\/2025\/02\/Berliner_VarosLiget_17-960x640-1.jpg 960w\" sizes=\"auto, (max-width: 768px) 100vw, 768px\" \/>                <div class=\"absolute top-0 left-0 w-full h-full pointer-events-none\"><\/div>\n              <\/div>   \n                            <div class=\"text-center w-full top-full mt-2 transition-opacity ease-in-out duration-300 content-container\">\n                                                  <p class=\"typo-body pointer-events-none h-max left-0\">Diese Triitopiavariante besteht aus drei \u00fcbereinander gestapelten Trii-Spielh\u00e4usern. Im Inneren der Struktur kann man ganz nach oben klettern.<\/p>\n                              <\/div>\n                          <\/div>\n                      <div class=\"gallery-slide swiper-slide transition-opacity ease-in-out duration-300\">\n              <div class=\"relative block cursor-pointer gallery-slide__image aspect-4\/3\" data-src=\"https:\/\/berliner-seilfabrik.com\/wp-content\/uploads\/2025\/02\/Berliner_VarosLiget_18-960x640-1.jpg\">\n                <img loading=\"lazy\" decoding=\"async\" width=\"768\" height=\"512\" src=\"https:\/\/berliner-seilfabrik.com\/wp-content\/uploads\/2025\/02\/Berliner_VarosLiget_18-960x640-1-768x512.jpg\" class=\"h-full w-full object-cover object-center rounded-3xl\" alt=\"\" srcset=\"https:\/\/berliner-seilfabrik.com\/wp-content\/uploads\/2025\/02\/Berliner_VarosLiget_18-960x640-1-768x512.jpg 768w, https:\/\/berliner-seilfabrik.com\/wp-content\/uploads\/2025\/02\/Berliner_VarosLiget_18-960x640-1-300x200.jpg 300w, https:\/\/berliner-seilfabrik.com\/wp-content\/uploads\/2025\/02\/Berliner_VarosLiget_18-960x640-1.jpg 960w\" sizes=\"auto, (max-width: 768px) 100vw, 768px\" \/>                <div class=\"absolute top-0 left-0 w-full h-full pointer-events-none\"><\/div>\n              <\/div>   \n                            <div class=\"text-center w-full top-full mt-2 transition-opacity ease-in-out duration-300 content-container\">\n                                                  <p class=\"typo-body pointer-events-none h-max left-0\">Alternativ l\u00e4sst sich die zweith\u00f6chste Ebene auch \u00fcber die Strickleiter erklimmen und anschlie\u00dfend \u00fcber die Rutschstange oder Rutsche wieder hinunterrutschen.<\/p>\n                              <\/div>\n                          <\/div>\n                      <div class=\"gallery-slide swiper-slide transition-opacity ease-in-out duration-300\">\n              <div class=\"relative block cursor-pointer gallery-slide__image aspect-4\/3\" data-src=\"https:\/\/berliner-seilfabrik.com\/wp-content\/uploads\/2020\/01\/Berliner_CustomMade_Varosliget_Budapest_11-1140x760-1-1024x683.jpg\">\n                <img loading=\"lazy\" decoding=\"async\" width=\"768\" height=\"512\" src=\"https:\/\/berliner-seilfabrik.com\/wp-content\/uploads\/2020\/01\/Berliner_CustomMade_Varosliget_Budapest_11-1140x760-1-768x512.jpg\" class=\"h-full w-full object-cover object-center rounded-3xl\" alt=\"\" srcset=\"https:\/\/berliner-seilfabrik.com\/wp-content\/uploads\/2020\/01\/Berliner_CustomMade_Varosliget_Budapest_11-1140x760-1-768x512.jpg 768w, https:\/\/berliner-seilfabrik.com\/wp-content\/uploads\/2020\/01\/Berliner_CustomMade_Varosliget_Budapest_11-1140x760-1-300x200.jpg 300w, https:\/\/berliner-seilfabrik.com\/wp-content\/uploads\/2020\/01\/Berliner_CustomMade_Varosliget_Budapest_11-1140x760-1-1024x683.jpg 1024w, https:\/\/berliner-seilfabrik.com\/wp-content\/uploads\/2020\/01\/Berliner_CustomMade_Varosliget_Budapest_11-1140x760-1.jpg 1140w\" sizes=\"auto, (max-width: 768px) 100vw, 768px\" \/>                <div class=\"absolute top-0 left-0 w-full h-full pointer-events-none\"><\/div>\n              <\/div>   \n                            <div class=\"text-center w-full top-full mt-2 transition-opacity ease-in-out duration-300 content-container\">\n                                                  <p class=\"typo-body pointer-events-none h-max left-0\">Abgerundet wird der Spielplatz durch Trampoline in verschiedenen Formen\u2026<\/p>\n                              <\/div>\n                          <\/div>\n                      <div class=\"gallery-slide swiper-slide transition-opacity ease-in-out duration-300\">\n              <div class=\"relative block cursor-pointer gallery-slide__image aspect-4\/3\" data-src=\"https:\/\/berliner-seilfabrik.com\/wp-content\/uploads\/2025\/02\/Berliner_VarosLiget_20-960x640-1.png\">\n                <img loading=\"lazy\" decoding=\"async\" width=\"768\" height=\"512\" src=\"https:\/\/berliner-seilfabrik.com\/wp-content\/uploads\/2025\/02\/Berliner_VarosLiget_20-960x640-1-768x512.png\" class=\"h-full w-full object-cover object-center rounded-3xl\" alt=\"\" srcset=\"https:\/\/berliner-seilfabrik.com\/wp-content\/uploads\/2025\/02\/Berliner_VarosLiget_20-960x640-1-768x512.png 768w, https:\/\/berliner-seilfabrik.com\/wp-content\/uploads\/2025\/02\/Berliner_VarosLiget_20-960x640-1-300x200.png 300w, https:\/\/berliner-seilfabrik.com\/wp-content\/uploads\/2025\/02\/Berliner_VarosLiget_20-960x640-1.png 960w\" sizes=\"auto, (max-width: 768px) 100vw, 768px\" \/>                <div class=\"absolute top-0 left-0 w-full h-full pointer-events-none\"><\/div>\n              <\/div>   \n                            <div class=\"text-center w-full top-full mt-2 transition-opacity ease-in-out duration-300 content-container\">\n                                                  <p class=\"typo-body pointer-events-none h-max left-0\">\u2026sowie den Rutschstangen White Water. Hier geht es \u00fcber die Wellen den Hang hinab.<\/p>\n                              <\/div>\n                          <\/div>\n             \n          <\/div>\n          \n                  <div class=\"swiper-pagination\"><\/div>\n              <\/div>\n      <div class=\"transition duration-300 ease-in-out swiper-button swiper-button-prev scale-75 xs:scale-100 md:hover:scale-110 select-none\">\n        <div class=\"arrow-wrap bg-turquoise px-5 py-4 rounded-lg\">\n          <svg width=\"12\" height=\"23\" viewBox=\"0 0 12 23\" fill=\"none\" xmlns=\"http:\/\/www.w3.org\/2000\/svg\">\n            <path d=\"M11 1.88306L0.999999 11.8831L11 21.8831\" stroke=\"#FDFDFE\" stroke-width=\"2\" stroke-linecap=\"round\" stroke-linejoin=\"round\"\/>\n          <\/svg>\n        <\/div>\n      <\/div>\n      <div class=\"transition duration-300 ease-in-out swiper-button swiper-button-next scale-75 xs:scale-100 md:hover:scale-110 select-none\">\n        <div class=\"arrow-wrap bg-turquoise px-5 py-4 rounded-lg\">\n          <svg width=\"12\" height=\"23\" viewBox=\"0 0 12 23\" fill=\"none\" xmlns=\"http:\/\/www.w3.org\/2000\/svg\">\n            <path d=\"M1 21.8833L11 11.8833L0.999999 1.8833\" stroke=\"#FDFDFE\" stroke-width=\"2\" stroke-linecap=\"round\" stroke-linejoin=\"round\"\/>\n          <\/svg>\n        <\/div>\n      <\/div>\n    <\/div>\n  <\/div>\n<\/section>","protected":false},"featured_media":18533,"template":"","referenzen-category":[315],"class_list":["post-18477","referenzen","type-referenzen","status-publish","has-post-thumbnail","hentry","referenzen-category-custom-made"],"acf":[],"yoast_head":"<!-- This site is optimized with the Yoast SEO plugin v26.8 - https:\/\/yoast.com\/product\/yoast-seo-wordpress\/ -->\n<title>Berliner Seilfabrik - V\u00e1rosliget<\/title>\n<meta name=\"robots\" content=\"index, follow, max-snippet:-1, max-image-preview:large, max-video-preview:-1\" \/>\n<link rel=\"canonical\" href=\"https:\/\/berliner-seilfabrik.com\/de\/referenzen\/varosliget\/\" \/>\n<meta property=\"og:locale\" content=\"de_DE\" \/>\n<meta property=\"og:type\" content=\"article\" \/>\n<meta property=\"og:title\" content=\"Berliner Seilfabrik - V\u00e1rosliget\" \/>\n<meta property=\"og:url\" content=\"https:\/\/berliner-seilfabrik.com\/de\/referenzen\/varosliget\/\" \/>\n<meta property=\"og:site_name\" content=\"Berliner Seilfabrik\" \/>\n<meta property=\"article:publisher\" content=\"https:\/\/www.facebook.com\/berlinerseilfabrik\/\" \/>\n<meta property=\"article:modified_time\" content=\"2025-03-18T11:56:20+00:00\" \/>\n<meta property=\"og:image\" content=\"https:\/\/berliner-seilfabrik.com\/wp-content\/uploads\/2025\/02\/Berliner_VarosLiget_02-960x640-1.jpg\" \/>\n\t<meta property=\"og:image:width\" content=\"960\" \/>\n\t<meta property=\"og:image:height\" content=\"640\" \/>\n\t<meta property=\"og:image:type\" content=\"image\/jpeg\" \/>\n<meta name=\"twitter:card\" content=\"summary_large_image\" \/>\n<script type=\"application\/ld+json\" class=\"yoast-schema-graph\">{\"@context\":\"https:\/\/schema.org\",\"@graph\":[{\"@type\":\"WebPage\",\"@id\":\"https:\/\/berliner-seilfabrik.com\/de\/referenzen\/varosliget\/\",\"url\":\"https:\/\/berliner-seilfabrik.com\/de\/referenzen\/varosliget\/\",\"name\":\"Berliner Seilfabrik - V\u00e1rosliget\",\"isPartOf\":{\"@id\":\"https:\/\/berliner-seilfabrik.com\/de\/#website\"},\"primaryImageOfPage\":{\"@id\":\"https:\/\/berliner-seilfabrik.com\/de\/referenzen\/varosliget\/#primaryimage\"},\"image\":{\"@id\":\"https:\/\/berliner-seilfabrik.com\/de\/referenzen\/varosliget\/#primaryimage\"},\"thumbnailUrl\":\"https:\/\/berliner-seilfabrik.com\/wp-content\/uploads\/2025\/02\/Berliner_VarosLiget_02-960x640-1.jpg\",\"datePublished\":\"2019-11-01T14:21:00+00:00\",\"dateModified\":\"2025-03-18T11:56:20+00:00\",\"breadcrumb\":{\"@id\":\"https:\/\/berliner-seilfabrik.com\/de\/referenzen\/varosliget\/#breadcrumb\"},\"inLanguage\":\"de\",\"potentialAction\":[{\"@type\":\"ReadAction\",\"target\":[\"https:\/\/berliner-seilfabrik.com\/de\/referenzen\/varosliget\/\"]}]},{\"@type\":\"ImageObject\",\"inLanguage\":\"de\",\"@id\":\"https:\/\/berliner-seilfabrik.com\/de\/referenzen\/varosliget\/#primaryimage\",\"url\":\"https:\/\/berliner-seilfabrik.com\/wp-content\/uploads\/2025\/02\/Berliner_VarosLiget_02-960x640-1.jpg\",\"contentUrl\":\"https:\/\/berliner-seilfabrik.com\/wp-content\/uploads\/2025\/02\/Berliner_VarosLiget_02-960x640-1.jpg\",\"width\":960,\"height\":640},{\"@type\":\"BreadcrumbList\",\"@id\":\"https:\/\/berliner-seilfabrik.com\/de\/referenzen\/varosliget\/#breadcrumb\",\"itemListElement\":[{\"@type\":\"ListItem\",\"position\":1,\"name\":\"Home\",\"item\":\"https:\/\/berliner-seilfabrik.com\/de\/\"},{\"@type\":\"ListItem\",\"position\":2,\"name\":\"Referenzen\",\"item\":\"https:\/\/berliner-seilfabrik.com\/de\/referenzen\/\"},{\"@type\":\"ListItem\",\"position\":3,\"name\":\"V\u00e1rosliget\"}]},{\"@type\":\"WebSite\",\"@id\":\"https:\/\/berliner-seilfabrik.com\/de\/#website\",\"url\":\"https:\/\/berliner-seilfabrik.com\/de\/\",\"name\":\"Die Berliner Seilfabrik\",\"description\":\"Spielger\u00e4te f\u00fcrs Leben\",\"publisher\":{\"@id\":\"https:\/\/berliner-seilfabrik.com\/de\/#organization\"},\"potentialAction\":[{\"@type\":\"SearchAction\",\"target\":{\"@type\":\"EntryPoint\",\"urlTemplate\":\"https:\/\/berliner-seilfabrik.com\/de\/?s={search_term_string}\"},\"query-input\":{\"@type\":\"PropertyValueSpecification\",\"valueRequired\":true,\"valueName\":\"search_term_string\"}}],\"inLanguage\":\"de\"},{\"@type\":\"Organization\",\"@id\":\"https:\/\/berliner-seilfabrik.com\/de\/#organization\",\"name\":\"Die Berliner Seilfabrik\",\"url\":\"https:\/\/berliner-seilfabrik.com\/de\/\",\"logo\":{\"@type\":\"ImageObject\",\"inLanguage\":\"de\",\"@id\":\"https:\/\/berliner-seilfabrik.com\/de\/#\/schema\/logo\/image\/\",\"url\":\"https:\/\/berliner-seilfabrik.com\/wp-content\/uploads\/2026\/01\/bsf_logo_de-scaled.png\",\"contentUrl\":\"https:\/\/berliner-seilfabrik.com\/wp-content\/uploads\/2026\/01\/bsf_logo_de-scaled.png\",\"width\":2560,\"height\":2560,\"caption\":\"Die Berliner Seilfabrik\"},\"image\":{\"@id\":\"https:\/\/berliner-seilfabrik.com\/de\/#\/schema\/logo\/image\/\"},\"sameAs\":[\"https:\/\/www.facebook.com\/berlinerseilfabrik\/\"]}]}<\/script>\n<!-- \/ Yoast SEO plugin. -->","yoast_head_json":{"title":"Berliner Seilfabrik - V\u00e1rosliget","robots":{"index":"index","follow":"follow","max-snippet":"max-snippet:-1","max-image-preview":"max-image-preview:large","max-video-preview":"max-video-preview:-1"},"canonical":"https:\/\/berliner-seilfabrik.com\/de\/referenzen\/varosliget\/","og_locale":"de_DE","og_type":"article","og_title":"Berliner Seilfabrik - V\u00e1rosliget","og_url":"https:\/\/berliner-seilfabrik.com\/de\/referenzen\/varosliget\/","og_site_name":"Berliner Seilfabrik","article_publisher":"https:\/\/www.facebook.com\/berlinerseilfabrik\/","article_modified_time":"2025-03-18T11:56:20+00:00","og_image":[{"width":960,"height":640,"url":"https:\/\/berliner-seilfabrik.com\/wp-content\/uploads\/2025\/02\/Berliner_VarosLiget_02-960x640-1.jpg","type":"image\/jpeg"}],"twitter_card":"summary_large_image","schema":{"@context":"https:\/\/schema.org","@graph":[{"@type":"WebPage","@id":"https:\/\/berliner-seilfabrik.com\/de\/referenzen\/varosliget\/","url":"https:\/\/berliner-seilfabrik.com\/de\/referenzen\/varosliget\/","name":"Berliner Seilfabrik - V\u00e1rosliget","isPartOf":{"@id":"https:\/\/berliner-seilfabrik.com\/de\/#website"},"primaryImageOfPage":{"@id":"https:\/\/berliner-seilfabrik.com\/de\/referenzen\/varosliget\/#primaryimage"},"image":{"@id":"https:\/\/berliner-seilfabrik.com\/de\/referenzen\/varosliget\/#primaryimage"},"thumbnailUrl":"https:\/\/berliner-seilfabrik.com\/wp-content\/uploads\/2025\/02\/Berliner_VarosLiget_02-960x640-1.jpg","datePublished":"2019-11-01T14:21:00+00:00","dateModified":"2025-03-18T11:56:20+00:00","breadcrumb":{"@id":"https:\/\/berliner-seilfabrik.com\/de\/referenzen\/varosliget\/#breadcrumb"},"inLanguage":"de","potentialAction":[{"@type":"ReadAction","target":["https:\/\/berliner-seilfabrik.com\/de\/referenzen\/varosliget\/"]}]},{"@type":"ImageObject","inLanguage":"de","@id":"https:\/\/berliner-seilfabrik.com\/de\/referenzen\/varosliget\/#primaryimage","url":"https:\/\/berliner-seilfabrik.com\/wp-content\/uploads\/2025\/02\/Berliner_VarosLiget_02-960x640-1.jpg","contentUrl":"https:\/\/berliner-seilfabrik.com\/wp-content\/uploads\/2025\/02\/Berliner_VarosLiget_02-960x640-1.jpg","width":960,"height":640},{"@type":"BreadcrumbList","@id":"https:\/\/berliner-seilfabrik.com\/de\/referenzen\/varosliget\/#breadcrumb","itemListElement":[{"@type":"ListItem","position":1,"name":"Home","item":"https:\/\/berliner-seilfabrik.com\/de\/"},{"@type":"ListItem","position":2,"name":"Referenzen","item":"https:\/\/berliner-seilfabrik.com\/de\/referenzen\/"},{"@type":"ListItem","position":3,"name":"V\u00e1rosliget"}]},{"@type":"WebSite","@id":"https:\/\/berliner-seilfabrik.com\/de\/#website","url":"https:\/\/berliner-seilfabrik.com\/de\/","name":"Die Berliner Seilfabrik","description":"Spielger\u00e4te f\u00fcrs Leben","publisher":{"@id":"https:\/\/berliner-seilfabrik.com\/de\/#organization"},"potentialAction":[{"@type":"SearchAction","target":{"@type":"EntryPoint","urlTemplate":"https:\/\/berliner-seilfabrik.com\/de\/?s={search_term_string}"},"query-input":{"@type":"PropertyValueSpecification","valueRequired":true,"valueName":"search_term_string"}}],"inLanguage":"de"},{"@type":"Organization","@id":"https:\/\/berliner-seilfabrik.com\/de\/#organization","name":"Die Berliner Seilfabrik","url":"https:\/\/berliner-seilfabrik.com\/de\/","logo":{"@type":"ImageObject","inLanguage":"de","@id":"https:\/\/berliner-seilfabrik.com\/de\/#\/schema\/logo\/image\/","url":"https:\/\/berliner-seilfabrik.com\/wp-content\/uploads\/2026\/01\/bsf_logo_de-scaled.png","contentUrl":"https:\/\/berliner-seilfabrik.com\/wp-content\/uploads\/2026\/01\/bsf_logo_de-scaled.png","width":2560,"height":2560,"caption":"Die Berliner Seilfabrik"},"image":{"@id":"https:\/\/berliner-seilfabrik.com\/de\/#\/schema\/logo\/image\/"},"sameAs":["https:\/\/www.facebook.com\/berlinerseilfabrik\/"]}]}},"_links":{"self":[{"href":"https:\/\/berliner-seilfabrik.com\/de\/wp-json\/wp\/v2\/referenzen\/18477","targetHints":{"allow":["GET"]}}],"collection":[{"href":"https:\/\/berliner-seilfabrik.com\/de\/wp-json\/wp\/v2\/referenzen"}],"about":[{"href":"https:\/\/berliner-seilfabrik.com\/de\/wp-json\/wp\/v2\/types\/referenzen"}],"version-history":[{"count":3,"href":"https:\/\/berliner-seilfabrik.com\/de\/wp-json\/wp\/v2\/referenzen\/18477\/revisions"}],"predecessor-version":[{"id":41894,"href":"https:\/\/berliner-seilfabrik.com\/de\/wp-json\/wp\/v2\/referenzen\/18477\/revisions\/41894"}],"wp:featuredmedia":[{"embeddable":true,"href":"https:\/\/berliner-seilfabrik.com\/de\/wp-json\/wp\/v2\/media\/18533"}],"wp:attachment":[{"href":"https:\/\/berliner-seilfabrik.com\/de\/wp-json\/wp\/v2\/media?parent=18477"}],"wp:term":[{"taxonomy":"referenzen-category","embeddable":true,"href":"https:\/\/berliner-seilfabrik.com\/de\/wp-json\/wp\/v2\/referenzen-category?post=18477"}],"curies":[{"name":"wp","href":"https:\/\/api.w.org\/{rel}","templated":true}]}}